{"id":1291,"date":"2019-10-07T17:52:00","date_gmt":"2019-10-07T15:52:00","guid":{"rendered":"http:\/\/gruen-und-huth.de\/?page_id=1291"},"modified":"2026-02-01T17:37:55","modified_gmt":"2026-02-01T16:37:55","slug":"kleine-terminrueckschau","status":"publish","type":"page","link":"https:\/\/gruen-und-huth.de\/?page_id=1291","title":{"rendered":"Kleine Terminr\u00fcckschau"},"content":{"rendered":"<div id=\"main\">\r\n<div id=\"primary\">\r\n<div id=\"content\" role=\"main\">\r\n<article id=\"post-1293\" class=\"post-1293 page type-page status-publish hentry\">\r\n<div class=\"entry-content\">\r\n<table id=\"tablepress-4\" class=\"tablepress tablepress-id-4\">\r\n<tbody class=\"row-hover\">\r\n<tr class=\"row-1 odd\">\r\n<td class=\"column-1\">Sa 18. Januar 2025<br \/>20 Uhr\u00a0mit\u00a0MAL SO&#8212;MAL SO<br \/>Godesberger Hauskonzerte<br \/>Friesdorfer Stra\u00dfe 77<br \/>Anmeldung und Infos bei Eliane Lagrange elilagrange@gmx.de<\/td>\r\n<\/tr>\r\n<tr class=\"row-2 even\">\r\n<td class=\"column-1\"><br \/><br \/>Fr 31. Januar 2025\u00a0Neujahrsempfang<br \/>19:30 Uhr mit MAL SO&#8212;MAL SO<br \/>Kultimo<br \/>Stadtteilbibliothek Dottendorferstra\u00dfe 41 , Bonn<br \/>www.kultimo.de<br \/>Eintritt frei<\/td>\r\n<\/tr>\r\n<tr class=\"row-3 odd\">\r\n<td class=\"column-1\"><br \/><br \/>Do 20. M\u00e4rz 2025<br \/>19:00 Uhr mit MAL SO&#8212;MAL SO<br \/>Augustinum Bonn<br \/>Vortragssaal<br \/>Eintritt 12\u20ac \/ erm 8\u20ac an der Abendkasse<\/td>\r\n<\/tr>\r\n<tr class=\"row-4 even\">\r\n<td class=\"column-1\"><br \/><br \/>Sa 29.M\u00e4rz 2025<br \/>20:00 Uhr mit MAL SO &#8212; MAL SO<br \/>TIK Theater im Keller<br \/>Bonn, Rochusstra\u00dfe 30<br \/>Karten bei Bonnticket \u00fcber<br \/><a href=\"https:\/\/tik-bonn.de\/\">https:\/\/tik-bonn.de\/<\/a><\/td>\r\n<\/tr>\r\n<tr class=\"row-5 odd\">\r\n<td class=\"column-1\"><br \/><br \/>So 24. August 2025<br \/>17 Uhr\u00a0mit\u00a0MAL SO&#8212;MAL SO<br \/><a href=\"https:\/\/friedenskirche-bonn.ekir.de\/thema\/termine-hoehepunkte\">Ev Friedenskirchengemeinde Bonn<\/a><br \/>Franz-B\u00fccheler-str.10<\/td>\r\n<\/tr>\r\n<tr class=\"row-6 even\">\r\n<td class=\"column-1\"><br \/><br \/>Mo 13.Oktober 2025<br \/>20 Uhr bis 21 Uhr<br \/><a href=\"https:\/\/www.kunstverein-bad-godesberg.de\/veranstaltungen\/\">Kunstverein Bad Godesberg<\/a><br \/>Eintritt frei<br \/><br \/><\/td>\r\n<\/tr>\r\n<tr class=\"row-7 odd\">\r\n<td class=\"column-1\"><br \/><br \/>Fr 07.November 2025<br \/>ab 19 Uhr Kurzauftritt im Rahmen des<br \/>Folk Club Bonn<br \/><br \/>Dotty`s Sports Bar und Restaurant<br \/>Christian -Miesen -Stra\u00dfe<br \/>53129 Bonn Dottendorf<\/td>\r\n<\/tr>\r\n<tr class=\"row-8 even\">\r\n<td class=\"column-1\"><br \/><br \/>Sa 22.November 2025<br \/>20:00 Uhr mit MAL SO &#8212; MAL SO<br \/>TIK Theater im Keller<br \/>Bonn, Rochusstra\u00dfe 30<br \/>Karten bei Bonnticket \u00fcber<br \/><a href=\"https:\/\/tik-bonn.de\/\">https:\/\/tik-bonn.de\/<\/a><\/td>\r\n<\/tr>\r\n<\/tbody>\r\n<\/table>\r\n<p>Sa 23. November 2024<\/p>\r\n<\/div>\r\n<\/article>\r\n<\/div>\r\n<\/div>\r\n<\/div>\r\n<p>20:00 Uhr mit MAL SO &#8212; MAL SO<br \/>Theater in The Pub Bonn<br \/><br \/>\u00a007. September 24<br \/>19:00bis 20:00 Uhr <br \/>Es gibt Getr\u00e4nke und etwas zu Knabbern.<br \/>B\u00fccherei St Nicolaus <br \/>P\u00fctzstra\u00dfe 23, 53129 Bonn<\/p>\r\n<p>&nbsp;<\/p>\r\n<p>Fr\u00a0 06.September 2024<br \/>ab 19 Uhr Kurzauftritt im Rahmen des<br \/>Folk Club Bonn<\/p>\r\n<p>&nbsp;<\/p>\r\n<p><span style=\"color: #000000;\">2020<\/span> <br \/>Fr\u00a0 31. Januar\u00a0 2020\u00a0 \u00a0 19:30 Uhr Elpis CoWiCo <br \/>Ein Abend mit uns. Gemischtes: Lieder, Songs, Chansons Der Eintritt ist frei<br \/>ELPIs Hinterzimmer<br \/><br \/><span style=\"color: #339966;\">Neues Programm : \u201eH\u00e4tte\u201c<strong> <br \/><span style=\"color: #ff0000;\">Ausverkauft\u00a0 \u00a0 \u00a0<br \/><span style=\"color: #000000;\">ABGESAGT wegen Coronavirus<\/span>\u00a0 \u00a0\u00a0<\/span><\/strong><\/span><\/p>\r\n\r\n\r\n\r\n\r\n\r\n\r\n\r\n<p><strong>Sa 14. M\u00e4rz 2020\u00a0\u00a0<\/strong>\u00a0 \u00a0 <br \/>PREMIERE 20:00 Uhr Eintritt 15\u20ac \/erm\u00e4\u00dfigt 10\u20ac <br \/><strong>Theater im Anno Tubac\u00a0<\/strong> K\u00f6lnstra\u00dfe 47 53111 Bonn<br \/>Reservierungen bitte per E-Mail an <a href=\"mailto:stephaniehuthmacher@googlemail.com\">stephaniehuthmacher@googlemail.com<\/a> <br \/>Wir best\u00e4tigen die Reservierung.<br \/><strong><span style=\"color: #ff0000;\">Ausverkauft\u00a0 \u00a0 \u00a0<br \/><span style=\"color: #000000;\">ABGESAGT wegen Coronavirus\u00a0\u00a0<\/span><\/span><\/strong><\/p>\r\n\r\n\r\n\r\n\r\n\r\n\r\n\r\n<p><strong>Sa 04.April\u00a0 2020\u00a0\u00a0<\/strong> 20:00 Uhr Eintritt 15\u20ac \/erm\u00e4\u00dfigt 10\u20ac <br \/><strong>Theater im Anno Tubac\u00a0<\/strong> <br \/><b>\u00a0 \u00a0 \u00a0 \u00a0 \u00a0 \u00a0 \u00a0 \u00a0 \u00a0 \u00a0 \u00a0 \u00a0 \u00a0 \u00a0 \u00a0 \u00a0<\/b><\/p>\r\n<div class=\"gmail_default\">Im Rahmen von GoVinum<\/div>\r\n<div class=\"gmail_default\"><a href=\"https:\/\/www.bonn.de\/veranstaltungskalender\/veranstaltungen\/hauptkalender\/GoVinum_-_2._Bad_Godesberger_Weinfest.php\"><b>2. Bad Godesberger Weinfest<\/b><\/a><\/div>\r\n<div class=\"gmail_default\">Eintritt frei<\/div>\r\n<div>\u00a0<\/div>\r\n<div>\r\n<div class=\"gmail_default\"><b>Sa 10. Okt 2020 20:00 Uhr\u00a0 \u00a0 \u00a0\u00a0 \u00a0 \u00a0 \u00a0 \u00a0 \u00a0<br \/><span style=\"color: #ff0000;\">Auch dieser Termin muss leider noch abgesagt werden.\u00a0<\/span><\/b><\/div>\r\n<div><span style=\"color: #ff0000;\">Er soll zu einem sp\u00e4teren Zeitpunkt nachgeholt werden.<\/span><\/div>\r\n<div class=\"gmail_default\"><strong>B\u00fccherrei St Nicolaus <b>Ein Abend mit uns.<\/b> <br \/><\/strong>P\u00fctzstra\u00dfe 23 53129 Bonn<\/div>\r\n<div class=\"gmail_default\"><strong><a href=\"http:\/\/www.solarbuecherei.de\/\">http:\/\/www.solarbuecherei.de\/<\/a><\/strong><\/div>\r\n<div class=\"gmail_default\">Eintritt frei<\/div>\r\n<\/div>\r\n<div>\u00a0<\/div>\r\n<p><span style=\"color: #ff0000;\"><strong>2019<\/strong><\/span> <br \/><strong>Mi\u00a0 23. Januar\u00a0 2019\u00a0 \u00a0 19:30 Uhr <br \/><\/strong>Rathaus Alfter <br \/><strong>Neujahrsempfang des Gewerbevereins Alfter <br \/><\/strong><\/p>\r\n<p><strong>SA\u00a0 16. M\u00e4rz\u00a0 2019\u00a0 \u00a0 19:30 Uhr Elpis CoWiCo <br \/>Ein Abend mit uns:\u00a0 Gemischtes Der Eintritt ist frei<\/strong> <br \/><br \/><\/p>\r\n<p><strong>Sa 30.November\u00a0 2019\u00a0 \u00a020 Uh<\/strong>r mit\u00a0\u00a0<strong>Ich h\u00f6r ja zu<\/strong> <br \/><strong>Privates Hauskonzert<\/strong> <br \/>Bonn &#8211; Bad Godesberg <br \/>Anmeldung und Infos\u00a0 bei Eliane Lagrange elilagrange@gmx.de<\/p>\r\n<p><span style=\"color: #ff0000;\"><strong>2018<\/strong><\/span> <br \/><strong>Mit\u00a0\u00a0<a title=\"Programme\" href=\"http:\/\/gruen-und-huth.de\/?page_id=1072\">Ich h\u00f6r ja zu<\/a> Kultur in Bonn DottKult \u00a0<br \/><\/strong>Dottendorfer Ortszentrum, \u00a0Dottendorferstr.42 <br \/><a title=\"DottKult\" href=\"http:\/\/www.dottendorfer-ortszentrum.de\/\"><strong>www.dottendorfer-ortszentrum.de<\/strong><\/a><\/p>\r\n<p><br \/><strong>Mit\u00a0\u00a0<a title=\"Programme\" href=\"http:\/\/gruen-und-huth.de\/?page_id=1072\">Ich h\u00f6r ja zu<\/a> Theater im Augustinum Bonn <\/strong><a title=\"Kartenbestellung\" href=\"http:\/\/www.augustinum.de\/bonn\/aktivitaeten-gemeinschaft\/kulturveranstaltungen\/\">www.augustinum.de\/bonn\/aktivitaeten-gemeinschaft\/kulturveranstaltungen<\/a> \u00a0<\/p>\r\n<p><strong><span style=\"color: #ff0000;\">2017<\/span> <br \/><\/strong><strong>Museumsfest im Siebengebirgsmuseum K\u00f6nigswinter <\/strong><a href=\"http:\/\/www.siebengebirgsmuseum.de\/\">www.siebengebirgsmuseum.de<\/a><\/p>\r\n<p><strong>Kulturzentrum K\u00f6llenhof Gemeinsam mit Mechtild Borrmann und Sabine Trinkaus <\/strong><\/p>\r\n<p><strong>Mit\u00a0<a title=\"Programme\" href=\"http:\/\/gruen-und-huth.de\/?page_id=48\">\u00a0<\/a><a title=\"Programme\" href=\"http:\/\/gruen-und-huth.de\/?page_id=1072\">Ich h\u00f6r ja zu<\/a> <\/strong><strong>Theater im Keller <\/strong><br \/><a title=\"Termine 2014\" href=\"http:\/\/www.tik-bonn.de\/\">http:\/\/www.tik-bonn.<\/a><\/p>\r\n<p><strong> El PI`s COWICO\u00a0 Kunst, Kultur und Musik Bar <\/strong><br \/><a href=\"http:\/\/www.elpis-cowico.de\/\">Elpi\u2019s CoWiCo \u2013 Kunst, Kultur und Musik Bar<\/a> \u00a0<\/p>\r\n<p><strong><span style=\"color: #ff0000;\">2016<\/span> <br \/><\/strong><strong>Mit\u00a0\u00a0<a title=\"Programme\" href=\"http:\/\/gruen-und-huth.de\/?page_id=1072\">Ich h\u00f6r ja zu<\/a><\/strong> <strong>Familienbildungsst\u00e4tte Bonn <br \/><\/strong><a title=\"Termine 2014\" href=\"http:\/\/www.fbs-bonn.de\/\">www.fbs-bonn.de<\/a><\/p>\r\n<p><strong>Mit\u00a0\u00a0<a title=\"Programme\" href=\"http:\/\/gruen-und-huth.de\/?page_id=48\">\u00a0<\/a><a title=\"Programme\" href=\"http:\/\/gruen-und-huth.de\/?page_id=1072\">Ich h\u00f6r ja zu<\/a><\/strong><strong> Kultimo Stadtteilbibliothek Dottendorf <br \/><a href=\"http:\/\/www.kultimo.de\/\">http:\/\/www.kultimo.de\/<\/a><\/strong><\/p>\r\n<p><strong>Mit\u00a0<a title=\"Programme\" href=\"http:\/\/gruen-und-huth.de\/?page_id=48\">\u00a0<\/a><a title=\"Programme\" href=\"http:\/\/gruen-und-huth.de\/?page_id=1072\">Ich h\u00f6r ja zu<\/a> <\/strong><strong>Theater im Keller <a title=\"Termine 2014\" href=\"http:\/\/www.tik-bonn.de\/\">http:\/\/www.tik-bonn.de<\/a><\/strong> <strong>\u00a0 \u00a0\u00a0<em>\u00a0<\/em> <\/strong><\/p>\r\n<p><strong>Mit\u00a0\u00a0<a title=\"CD: Ich h\u00f6r ja zu (2015)\" href=\"http:\/\/gruen-und-huth.de\/?page_id=1072\">Ich h\u00f6r ja zu<\/a> Theater im Anno Tubac<\/strong> <strong><a href=\"http:\/\/www.anno-tubac.de\/\">www.anno- tubac.de<\/a><\/strong> \u00a0<\/p>\r\n<p><strong><span style=\"color: #ff0000;\">2015<\/span> <br \/><\/strong><strong>Kulturzentrum Hardtberg <br \/><\/strong>Mit<strong>\u00a0 Ich h\u00f6r ja zu <\/strong><strong><a href=\"www.hardtbergkultur.de\" target=\"_blank\" rel=\"noopener noreferrer\">www.hardtbergkultur.de<\/a><\/strong> <strong><em>Premiere und Vorstellung der neuen CD<\/em><\/strong><\/p>\r\n<p>Mit<strong>\u00a0 Ich h\u00f6r ja zu Theater im Anno Tubac <\/strong><strong><a href=\"http:\/\/www.anno-tubac.de\/\">www.anno- tubac.de<\/a><\/strong> \u00a0<\/p>\r\n<p><strong><span style=\"color: #ff0000;\">2014<\/span> <br \/><\/strong><strong>Mit\u00a0\u00a0<a title=\"Die Dinge des Lebens\" href=\"http:\/\/gruen-und-huth.de\/?page_id=50\">Die Dinge des Lebens <\/a><br \/><\/strong>Bonn Duisdorf Theater im Keller <br \/><a title=\"Termine 2014\" href=\"http:\/\/www.tik-bonn.de\/\">http:\/\/www.tik-bonn.de<\/a><\/p>\r\n<p><strong>Mit\u00a0\u00a0<a title=\"Die Dinge des Lebens\" href=\"http:\/\/gruen-und-huth.de\/?page_id=50\">Die Dinge des Lebens<\/a><\/strong> <br \/><strong>Familienbildungsst\u00e4tte Bonn <\/strong>Lenn\u00e9stra\u00dfe 5, \u00a053113 Bonn <br \/><a title=\"Termine 2014\" href=\"http:\/\/www.fbs-bonn.de\/\">www.fbs-bonn.de<\/a><\/p>\r\n<p><strong>Mit\u00a0\u00a0<a title=\"Die Dinge des Lebens\" href=\"http:\/\/gruen-und-huth.de\/?page_id=50\">Die Dinge des Lebens <\/a><\/strong>Im Rahmen der\u00a0<strong>Lesereise durch die Bonner Altstadt\u00a0<br \/><\/strong><strong>Im Hof der Begegnungsst\u00e4tte\u00a0<\/strong><\/p>\r\n<p><strong> Mit\u00a0\u00a0<a title=\"Wir mal wieder\" href=\"http:\/\/gruen-und-huth.de\/?page_id=937\">Wir mal wieder <\/a><br \/><\/strong>Im Rahmen einer zweiw\u00f6chigen Ausstellung in Bonn Bad Godesberg auf dem\u00a0<strong>Katharinenhof von Konrad und Anne Beikircher <br \/><\/strong><a title=\"Termine 2014\" href=\"http:\/\/katharinenhof-bonn.de\/\">www.katharinenhof-bonn.de<\/a><\/p>\r\n<p><strong> Mit\u00a0<a title=\"Melancholie \u2013 Eine Detektivgeschichte\" href=\"http:\/\/gruen-und-huth.de\/?page_id=751\">Melancholie \u2013 Eine Detektivgeschichte<\/a> <br \/>Theater im Augustinum Bonn <\/strong>R\u00f6merstra\u00dfe 118 <br \/><a title=\"Kartenbestellung\" href=\"http:\/\/www.augustinum.de\/bonn\/aktivitaeten-gemeinschaft\/kulturveranstaltungen\/\">www.augustinum.de\/bonn\/aktivitaeten-gemeinschaft\/kulturveranstaltungen<\/a> \u00a0<\/p>\r\n<p><strong><span style=\"color: #ff0000;\">2013<\/span> <br \/><\/strong><strong>Koblenz \u00a0 \u00a0Benefizveranstaltung in der ehemaligen Pallottinerkapelle <br \/><\/strong>Mit<strong>\u00a0\u00a0<a title=\"Melancholie \u2013 Eine Detektivgeschichte\" href=\"http:\/\/gruen-und-huth.de\/?page_id=751\">Melancholie \u2013 Eine Detektivgeschichte <\/a><br \/><\/strong><a href=\"http:\/\/www.fepke.de\/\">www.fepke.de<\/a><\/p>\r\n<p><strong>Kulturstation Wetzlar <br \/><\/strong>Mit<strong>\u00a0\u00a0<a title=\"Melancholie \u2013 Eine Detektivgeschichte\" href=\"http:\/\/gruen-und-huth.de\/?page_id=751\">Melancholie \u2013 Eine Detektivgeschichte<\/a> <br \/><a href=\"http:\/\/www.kulturstation-wetzlar.de\/\">www.kulturstation-wetzlar.de<\/a><\/strong><\/p>\r\n<p><strong> Theater im Anno Tubac <br \/><\/strong>Mit<strong>\u00a0\u00a0<a title=\"Wir mal wieder\" href=\"http:\/\/gruen-und-huth.de\/?page_id=937\">Wir mal wieder<\/a> <a href=\"http:\/\/www.anno-tubac.de\/\">www.anno- tubac.de<\/a><\/strong> <br \/>Mit<strong>\u00a0\u00a0<a title=\"Melancholie \u2013 Eine Detektivgeschichte\" href=\"http:\/\/gruen-und-huth.de\/?page_id=751\">Melancholie \u2013 Eine Detektivgeschichte <\/a><\/strong><\/p>\r\n<p><strong>Kultimo <\/strong>Stadtteilbibliothek Dottendorf <br \/><a href=\"http:\/\/www.kultimo.de\/\">http:\/\/www.kultimo.de\/<\/a><\/p>\r\n<p><br \/>Mit<strong>\u00a0\u00a0<a title=\"Wir mal wieder\" href=\"http:\/\/gruen-und-huth.de\/?page_id=937\">Wir mal wieder<\/a> Kultur in Bonn DottKult \u00a0<br \/><\/strong>Dottendorfer Ortszentrum, \u00a0Dottendorferstr.42 <br \/><a title=\"DottKult\" href=\"http:\/\/www.dottendorfer-ortszentrum.de\/\"><strong>www.dottendorfer-ortszentrum.de<\/strong><\/a><\/p>\r\n<p><strong>Kulturzentrum Hardtberg <br \/>Mit\u00a0<a title=\"Melancholie \u2013 Eine Detektivgeschichte\" href=\"http:\/\/gruen-und-huth.de\/?page_id=751\">Melancholie \u2013 Eine Detektivgeschichte <\/a><br \/><a href=\"mailto:reservierung@hardtbergkultur.de\">reservierung@hardtbergkultur.de <\/a><\/strong><\/p>\r\n<p><strong>Kornm\u00fchle Nordhorn <br \/><\/strong>Mit<strong>\u00a0<a title=\"Melancholie \u2013 Eine Detektivgeschichte\" href=\"http:\/\/gruen-und-huth.de\/?page_id=751\">Melancholie \u2013 Eine Detektivgeschichte<\/a><\/strong> <br \/><a href=\"http:\/\/kunstvereinnordhorn.wordpress.com\/\" target=\"_blank\" rel=\"noopener noreferrer\">Kunstverein Nordhorn e.V.<\/a> \u00a0<\/p>\r\n<p><strong><span style=\"color: #ff0000;\">2012<\/span> <br \/><\/strong><strong>Pauke Kultur Bistro Bonn <br \/><\/strong>Kartenbestellung: <a href=\"http:\/\/www.pauke-life.de\/\">www.pauke-life.de<\/a> oder <a href=\"http:\/\/www.bonnticket.de\/\">www.bonnticket.de <\/a><br \/>Premiere : Melancholie \u2013 Eine Detektivgeschichte Ein literarisch-musikalischer Abend<\/p>\r\n<p><strong>Ufafabrik Berlin <\/strong>Samstag, 06.10..2012, 20:00 Uhr \u2022 Ufa Fabrik Berlin \u2022 <a href=\"http:\/\/www.ufafabrik.de\/\">www.ufafabrik.de <\/a>Bonn in Berlin \u2013 Zwei Frauen aus Bonn, ein Mann aus Berlin \u2013 und: ein Umzug kommt selten allein. <br \/>Gr\u00fcn&amp;Huth und HADI haben sich zu einem gemeinsamen Programm zusammengetan \u2013 witzig, skurril und auch ber\u00fchrend \u2013 in jedem Fall: bestens unterhaltend.Wir freuen uns auf ein gemeinsames Programm mit dem S\u00e4nger, Songwriter und Entertainer HADI aus Berlin. ( <a href=\"http:\/\/www.hadi-music.de\/\">www.hadi-music.de<\/a>)<\/p>\r\n<p><strong>Kunstverein Bad Godesberg<\/strong> <a href=\"http:\/\/www.kunstverein-bad-godesberg.de\/\">www.kunstverein-bad-godesberg.de<\/a> \u00a0<\/p>\r\n<p><strong><span style=\"color: #ff0000;\">2011<\/span> <br \/><\/strong><strong>Gastauftritt als Vorjahresgewinnerinnen beim 3. Potsdamer Chansonfestival <br \/><\/strong>Infos unter: <a href=\"http:\/\/jr-promotions.de\/potsdamer-chansonfestival.html\">http:\/\/jr-promotions.de\/potsdamer-chansonfestival.html<\/a><\/p>\r\n<p><strong>Chanson- und Liedwettbewerb Troubadour 2011 <br \/><\/strong>Le Meridien, Stuttgart <br \/><a href=\"http:\/\/www.der-troubadour.de\/rueckblick\/2011\/teilnehmer.html\">Chanson- und Liedwettbewerbs Troubadour<\/a> <br \/>Gr\u00fcn &amp; Huth unter den 16 Finalisten aus 150 ausgew\u00e4hlten K\u00fcnstlernAusgew\u00e4hlt von der Jury um Katja Ebstein, unter der Patenschaft von Stephan Sulke<\/p>\r\n<p><strong>Kleines Kulturforum Werdohl <\/strong>\u00a0<br \/><a href=\"http:\/\/www.kleineskulturforum.de\/\">www.kleineskulturforum.de<\/a><\/p>\r\n<p><strong>Bonner Theaternacht Pantheon Bonn <br \/><\/strong>Die Kavaliere und Gr\u00fcn &amp; Huth <br \/><a href=\"http:\/\/www.pantheon.de\/\">www.pantheon.de<\/a><\/p>","protected":false},"excerpt":{"rendered":"<p>Sa 18. Januar 202520 Uhr\u00a0mit\u00a0MAL SO&#8212;MAL SOGodesberger HauskonzerteFriesdorfer Stra\u00dfe 77Anmeldung und Infos bei Eliane Lagrange elilagrange@gmx.de Fr 31. Januar 2025\u00a0Neujahrsempfang19:30 Uhr mit MAL SO&#8212;MAL SOKultimoStadtteilbibliothek Dottendorferstra\u00dfe 41 , Bonnwww.kultimo.deEintritt frei Do 20. M\u00e4rz 202519:00 Uhr mit MAL SO&#8212;MAL SOAugustinum BonnVortragssaalEintritt &hellip; <a href=\"https:\/\/gruen-und-huth.de\/?page_id=1291\">Weiterlesen <span class=\"meta-nav\">&rarr;<\/span><\/a><\/p>\n","protected":false},"author":1,"featured_media":0,"parent":1293,"menu_order":2,"comment_status":"closed","ping_status":"closed","template":"","meta":{"footnotes":""},"_links":{"self":[{"href":"https:\/\/gruen-und-huth.de\/index.php?rest_route=\/wp\/v2\/pages\/1291"}],"collection":[{"href":"https:\/\/gruen-und-huth.de\/index.php?rest_route=\/wp\/v2\/pages"}],"about":[{"href":"https:\/\/gruen-und-huth.de\/index.php?rest_route=\/wp\/v2\/types\/page"}],"author":[{"embeddable":true,"href":"https:\/\/gruen-und-huth.de\/index.php?rest_route=\/wp\/v2\/users\/1"}],"replies":[{"embeddable":true,"href":"https:\/\/gruen-und-huth.de\/index.php?rest_route=%2Fwp%2Fv2%2Fcomments&post=1291"}],"version-history":[{"count":19,"href":"https:\/\/gruen-und-huth.de\/index.php?rest_route=\/wp\/v2\/pages\/1291\/revisions"}],"predecessor-version":[{"id":1827,"href":"https:\/\/gruen-und-huth.de\/index.php?rest_route=\/wp\/v2\/pages\/1291\/revisions\/1827"}],"up":[{"embeddable":true,"href":"https:\/\/gruen-und-huth.de\/index.php?rest_route=\/wp\/v2\/pages\/1293"}],"wp:attachment":[{"href":"https:\/\/gruen-und-huth.de\/index.php?rest_route=%2Fwp%2Fv2%2Fmedia&parent=1291"}],"curies":[{"name":"wp","href":"https:\/\/api.w.org\/{rel}","templated":true}]}}